{"id":24431,"date":"2022-03-23T09:27:55","date_gmt":"2022-03-23T08:27:55","guid":{"rendered":"https:\/\/olivier-bajard.com\/?page_id=24431"},"modified":"2022-03-23T09:30:34","modified_gmt":"2022-03-23T08:30:34","slug":"curso","status":"publish","type":"page","link":"https:\/\/olivier-bajard.com\/es\/curso\/","title":{"rendered":"Mi Curso"},"content":{"rendered":"[vc_row type=&#8221;full_width_content&#8221; full_screen_row_position=&#8221;middle&#8221; bg_color=&#8221;#000000&#8243; scene_position=&#8221;center&#8221; text_color=&#8221;dark&#8221; text_align=&#8221;left&#8221; top_padding=&#8221;30&#8243; bottom_padding=&#8221;30&#8243; overlay_strength=&#8221;0.3&#8243; shape_divider_position=&#8221;bottom&#8221;][vc_column column_padding=&#8221;no-extra-padding&#8221; column_padding_position=&#8221;all&#8221; background_color=&#8221;#000000&#8243; background_color_opacity=&#8221;1&#8243; background_hover_color_opacity=&#8221;1&#8243; column_shadow=&#8221;none&#8221; column_border_radius=&#8221;none&#8221; width=&#8221;1\/1&#8243; tablet_text_alignment=&#8221;default&#8221; phone_text_alignment=&#8221;default&#8221; column_border_width=&#8221;none&#8221; column_border_style=&#8221;solid&#8221;]<div class=\"divider-wrap\"><div style=\"height: 200px;\" class=\"divider\"><\/div><\/div>[vc_column_text]\n<h1 class=\"pages-formateurs-h1\"><span style=\"color: #ffffff;\">Mi Curso<\/span><\/h1>\n[\/vc_column_text][\/vc_column][\/vc_row][vc_row type=&#8221;full_width_background&#8221; full_screen_row_position=&#8221;middle&#8221; equal_height=&#8221;yes&#8221; content_placement=&#8221;top&#8221; bg_color=&#8221;#ffffff&#8221; scene_position=&#8221;center&#8221; text_color=&#8221;dark&#8221; text_align=&#8221;left&#8221; overlay_strength=&#8221;0.3&#8243; shape_divider_position=&#8221;bottom&#8221; shape_type=&#8221;&#8221;][vc_column enable_animation=&#8221;true&#8221; animation=&#8221;none&#8221; column_padding=&#8221;padding-8-percent&#8221; column_padding_position=&#8221;all&#8221; background_color=&#8221;#ffffff&#8221; background_color_opacity=&#8221;1&#8243; background_hover_color_opacity=&#8221;1&#8243; font_color=&#8221;#000000&#8243; column_shadow=&#8221;none&#8221; column_border_radius=&#8221;none&#8221; width=&#8221;1\/1&#8243; tablet_text_alignment=&#8221;default&#8221; phone_text_alignment=&#8221;default&#8221; column_border_width=&#8221;none&#8221; column_border_style=&#8221;solid&#8221;]<div class=\"divider-wrap\"><div style=\"height: 30px;\" class=\"divider\"><\/div><\/div>[nectar_icon_list animate=&#8221;true&#8221; color=&#8221;default&#8221; icon_size=&#8221;small&#8221; icon_style=&#8221;border&#8221;][nectar_icon_list_item icon_type=&#8221;icon&#8221; title=&#8221;List Item&#8221; id=&#8221;1623408024-1-17&#8243; tab_id=&#8221;1623410685288-6&#8243; header=&#8221;2019&#8243; text=&#8221;Nueva tienda Olivier BAJARD \u2013 Place R\u00e9publique, Centre Ville &#8211; PERPIGNAN&#8221; icon_fontawesome=&#8221;fa fa-chevron-circle-right&#8221;] [\/nectar_icon_list_item][nectar_icon_list_item icon_type=&#8221;icon&#8221; title=&#8221;List Item&#8221; id=&#8221;1623408024-2-22&#8243; tab_id=&#8221;1623410685368-1&#8243; icon_fontawesome=&#8221;fa fa-chevron-circle-right&#8221; header=&#8221;2017&#8243; text=&#8221;\u2022 Caballero de la Legi\u00f3n de Honor<br \/>\n\u2022 Asistente del equipo de cocina francesa para el Bocuse d&#8217;Or&#8221;] [\/nectar_icon_list_item][nectar_icon_list_item icon_type=&#8221;icon&#8221; title=&#8221;List Item&#8221; id=&#8221;1623422914915-0-8&#8243; tab_id=&#8221;1623422914932-7&#8243; header=&#8221;2013&#8243; text=&#8221;Transmisi\u00f3n en directo por sat\u00e9lite de la experiencia de Olivier BAJARD&#8221; icon_fontawesome=&#8221;fa fa-chevron-circle-right&#8221;][\/nectar_icon_list_item][nectar_icon_list_item icon_type=&#8221;icon&#8221; title=&#8221;List Item&#8221; id=&#8221;1623422956054-0-5&#8243; tab_id=&#8221;1623422956061-10&#8243; icon_fontawesome=&#8221;fa fa-chevron-circle-right&#8221; header=&#8221;2012&#8243; text=&#8221;Nueva tienda Olivier BAJARD \u2013 Porte d\u2019Espagne, AUCHAN \u2013 PERPIGNAN&#8221;][\/nectar_icon_list_item][nectar_icon_list_item icon_type=&#8221;icon&#8221; title=&#8221;List Item&#8221; id=&#8221;1623423065421-0-7&#8243; tab_id=&#8221;1623423065430-6&#8243; icon_fontawesome=&#8221;fa fa-chevron-circle-right&#8221; header=&#8221;2011&#8243; text=&#8221;Gran Premio al Libro de las Mejor Pastelero de Francia (MOF) \u2013 Categor\u00eda Gastron\u00f3mica&#8221;][\/nectar_icon_list_item][nectar_icon_list_item icon_type=&#8221;icon&#8221; title=&#8221;List Item&#8221; id=&#8221;1623423173835-0-1&#8243; tab_id=&#8221;1623423173842-2&#8243; icon_fontawesome=&#8221;fa fa-chevron-circle-right&#8221; header=&#8221;2010&#8243; text=&#8221;\u2022 Nueva tienda Olivier BAJARD \u2013 Collioure<br \/>\n\u2022 Primer libro : \u201cLes ateliers sucr\u00e9s d\u2019Olivier\u201d, \u00e9ditions Fleurus&#8221;][\/nectar_icon_list_item][nectar_icon_list_item icon_type=&#8221;icon&#8221; title=&#8221;List Item&#8221; id=&#8221;1623423276359-0-10&#8243; tab_id=&#8221;1623423276373-6&#8243; icon_fontawesome=&#8221;fa fa-chevron-circle-right&#8221; header=&#8221;2009&#8243; text=&#8221;\u2022 Participaci\u00f3n en diversos eventos nacionales e internacionales relacionados con la gastronom\u00eda francesa<br \/>\n\u2022 Sirah &#8211; Sal\u00f3n Internacional de la Restauraci\u00f3n, la Hosteler\u00eda y la Alimentaci\u00f3n &#8211; Lyon<br \/>\n\u2022 Trofeo &#8220;Bernard LOISEAU&#8220; &#8211; Categor\u00eda Pieza Art\u00edstica &#8211; Copa de Europa<br \/>\n\u2022 Concurso del Trofeo de Postres del Rosell\u00f3n organizado por el CIVR en la Escuela Internacional de Pasteler\u00eda &#8211; Perpignan<br \/>\n\u2022 Seminario gastron\u00f3mico organizado por Eliane COMELADE &#8211; Historiadora gastron\u00f3mica y autora de numerosos libros &#8211; Talleres de cocina catalana &#8211; Ille sur T\u00eat<br \/>\n\u2022 Transmisi\u00f3n de los conocimientos t\u00e9cnicos franceses al extranjero :<br \/>\n&#8211; Viaje a Israel &#8211; Escuela de Estella &#8211; Tel Aviv &#8211; Israel<br \/>\n&#8211; Escuela de Notter &#8211; Orlando &#8211; EE.UU.&#8221;][\/nectar_icon_list_item][nectar_icon_list_item icon_type=&#8221;icon&#8221; title=&#8221;List Item&#8221; id=&#8221;1623423516522-0-9&#8243; tab_id=&#8221;1623423516526-4&#8243; icon_fontawesome=&#8221;fa fa-chevron-circle-right&#8221; header=&#8221;2008&#8243; text=&#8221;\u2022 Caballero de la Orden de las Palmas Acad\u00e9micas<br \/>\n\u2022 Mercure d&#8217;Or en la categor\u00eda: Innovaci\u00f3n Comercial &#8211; Calidad (premio nacional para los comerciantes m\u00e1s exitosos del a\u00f1o)&#8221;][\/nectar_icon_list_item][nectar_icon_list_item icon_type=&#8221;icon&#8221; title=&#8221;List Item&#8221; id=&#8221;1623423593217-0-2&#8243; tab_id=&#8221;1623423593229-3&#8243; icon_fontawesome=&#8221;fa fa-chevron-circle-right&#8221; header=&#8221;2007&#8243; text=&#8221;\u2022 Coq d&#8217;Or premiado por la Guide des Gourmands &#8211; Uno de los mejores chocolateros de Francia.<br \/>\n\u2022 Miembro de los Disc\u00edpulos de Auguste ESCOFFIER (asociaci\u00f3n que promueve la calidad y la excelencia de la gastronom\u00eda francesa)&#8221;][\/nectar_icon_list_item][nectar_icon_list_item icon_type=&#8221;icon&#8221; title=&#8221;List Item&#8221; id=&#8221;1623423884455-0-10&#8243; tab_id=&#8221;1623423884466-1&#8243; icon_fontawesome=&#8221;fa fa-chevron-circle-right&#8221; header=&#8221;2006&#8243; text=&#8221;Miembro de las Toques Blanches du ROUSSILLON, que re\u00fane a los mejores restaurantes del departamento&#8221;][\/nectar_icon_list_item][nectar_icon_list_item icon_type=&#8221;icon&#8221; title=&#8221;List Item&#8221; id=&#8221;1623424352520-0-7&#8243; tab_id=&#8221;1623423884466-1&#8243; icon_fontawesome=&#8221;fa fa-chevron-circle-right&#8221; header=&#8221;2005&#8243; text=&#8221;Fundador de la Escuela Internacional de Pasteler\u00eda &#8211; Perpignan &#8211; Francia&#8221;][\/nectar_icon_list_item][nectar_icon_list_item icon_type=&#8221;icon&#8221; title=&#8221;List Item&#8221; id=&#8221;1623424384656-0-10&#8243; tab_id=&#8221;1623424384669-9&#8243; icon_fontawesome=&#8221;fa fa-chevron-circle-right&#8221; header=&#8221;2004&#8243; text=&#8221;Entrenador responsable del equipo franc\u00e9s en el Campeonato Mundial de Pasteler\u00eda de Las Vegas: EE.UU. (3\u00ba en la clasificaci\u00f3n general por equipos)&#8221;][\/nectar_icon_list_item][nectar_icon_list_item icon_type=&#8221;icon&#8221; title=&#8221;List Item&#8221; id=&#8221;1623424437041-0-6&#8243; tab_id=&#8221;1623424384669-9&#8243; icon_fontawesome=&#8221;fa fa-chevron-circle-right&#8221; header=&#8221;2002&#8243; text=&#8221;Entrenador responsable del equipo franc\u00e9s en el Campeonato Mundial de Pasteler\u00eda de Las Vegas : EE.UU. (Subcampe\u00f3n del mundo por equipos)&#8221;][\/nectar_icon_list_item][nectar_icon_list_item icon_type=&#8221;icon&#8221; title=&#8221;List Item&#8221; id=&#8221;1623424581520-0-8&#8243; tab_id=&#8221;1623424384669-9&#8243; icon_fontawesome=&#8221;fa fa-chevron-circle-right&#8221; header=&#8221;1996&#8243; text=&#8221;Trofeo al Mejor Pastelero Regional de la Gu\u00eda CHAMPERARD&#8221;][\/nectar_icon_list_item][nectar_icon_list_item icon_type=&#8221;icon&#8221; title=&#8221;List Item&#8221; id=&#8221;1623424620032-0-5&#8243; tab_id=&#8221;1623424384669-9&#8243; icon_fontawesome=&#8221;fa fa-chevron-circle-right&#8221; header=&#8221;1995&#8243; text=&#8221;Mejor pastelero de Francia (MOF &#8211; Diploma de Estado)&#8221;][\/nectar_icon_list_item][nectar_icon_list_item icon_type=&#8221;icon&#8221; title=&#8221;List Item&#8221; id=&#8221;1623424651476-0-3&#8243; tab_id=&#8221;1623424384669-9&#8243; icon_fontawesome=&#8221;fa fa-chevron-circle-right&#8221; header=&#8221;1993&#8243; text=&#8221;Campe\u00f3n del Mundo de los Oficios del Postre en Mil\u00e1n &#8211; Italia&#8221;][\/nectar_icon_list_item][nectar_icon_list_item icon_type=&#8221;icon&#8221; title=&#8221;List Item&#8221; id=&#8221;1623424683454-0-10&#8243; tab_id=&#8221;1623424384669-9&#8243; icon_fontawesome=&#8221;fa fa-chevron-circle-right&#8221; header=&#8221;1992&#8243; text=&#8221;Primer premio de la degustaci\u00f3n de postres y piezas de arte de az\u00facar en Angulema&#8221;][\/nectar_icon_list_item][nectar_icon_list_item icon_type=&#8221;icon&#8221; title=&#8221;List Item&#8221; id=&#8221;1623424717221-0-9&#8243; tab_id=&#8221;1623424384669-9&#8243; icon_fontawesome=&#8221;fa fa-chevron-circle-right&#8221; header=&#8221;1991&#8243; text=&#8221;\u2022 Subcampe\u00f3n del mundo por equipos en la Copa del Mundo de Pasteler\u00eda de Lyon<br \/>\n\u2022 Nominado al Trofeo Etienne THOLONIAT<br \/>\n\u2022 Tercer premio en el Campeonato de Francia de Escultura sobre Hielo en Evry&#8221;][\/nectar_icon_list_item][nectar_icon_list_item icon_type=&#8221;icon&#8221; title=&#8221;List Item&#8221; id=&#8221;1623424764095-0-8&#8243; tab_id=&#8221;1623424384669-9&#8243; icon_fontawesome=&#8221;fa fa-chevron-circle-right&#8221; header=&#8221;1990&#8243; text=&#8221;\u2022 Primer premio de degustaci\u00f3n de helados y escultura de hielo en Valence<br \/>\n\u2022 Primer premio de escultura de hielo en Romorantin<br \/>\n\u2022 Tercer premio en el Charles Proust de Par\u00eds<br \/>\n\u2022 Director de producci\u00f3n en la empresa familiar de Poitiers&#8221;][\/nectar_icon_list_item][nectar_icon_list_item icon_type=&#8221;icon&#8221; title=&#8221;List Item&#8221; id=&#8221;1623424810572-0-10&#8243; tab_id=&#8221;1623424384669-9&#8243; icon_fontawesome=&#8221;fa fa-chevron-circle-right&#8221; header=&#8221;1989&#8243; text=&#8221;\u2022 Primer premio de degustaci\u00f3n de postres, productos de panader\u00eda frescos y piezas art\u00edsticas de az\u00facar en Lyon<br \/>\n\u2022 Certificado de Maestro Pastelero en Grenoble<br \/>\n\u2022 Ganador de los j\u00f3venes talentos de la ciudad de Poitiers&#8221;][\/nectar_icon_list_item][nectar_icon_list_item icon_type=&#8221;icon&#8221; title=&#8221;List Item&#8221; id=&#8221;1623424856623-0-2&#8243; tab_id=&#8221;1623424384669-9&#8243; icon_fontawesome=&#8221;fa fa-chevron-circle-right&#8221; header=&#8221;1988&#8243; text=&#8221;\u2022 Primer premio de piezas art\u00edsticas de az\u00facar en Annecy<br \/>\n\u2022 Empleado, luego jefe de producci\u00f3n en la pasteler\u00eda LAROCHE de Grenoble&#8221;][\/nectar_icon_list_item][nectar_icon_list_item icon_type=&#8221;icon&#8221; title=&#8221;List Item&#8221; id=&#8221;1623424905107-0-1&#8243; tab_id=&#8221;1623424384669-9&#8243; icon_fontawesome=&#8221;fa fa-chevron-circle-right&#8221; header=&#8221;1985&#8243; text=&#8221;Primer premio de degustaci\u00f3n de postres y piezas de arte de az\u00facar en N\u00e9ris-Les-Bains&#8221;][\/nectar_icon_list_item][nectar_icon_list_item icon_type=&#8221;icon&#8221; title=&#8221;List Item&#8221; id=&#8221;1623424929062-0-4&#8243; tab_id=&#8221;1623424384669-9&#8243; icon_fontawesome=&#8221;fa fa-chevron-circle-right&#8221; header=&#8221;1984&#8243; text=&#8221;\u2022 Primer premio en piezas de arte de az\u00facar en Roanne<br \/>\n\u2022 Primer empleado de la pasteler\u00eda PILATI de Roanne&#8221;][\/nectar_icon_list_item][nectar_icon_list_item icon_type=&#8221;icon&#8221; title=&#8221;List Item&#8221; id=&#8221;1623424970374-0-2&#8243; tab_id=&#8221;1623424384669-9&#8243; icon_fontawesome=&#8221;fa fa-chevron-circle-right&#8221; header=&#8221;1983&#8243; text=&#8221;Obtenci\u00f3n del C.A.P. Pastelero&#8221;][\/nectar_icon_list_item][nectar_icon_list_item icon_type=&#8221;icon&#8221; title=&#8221;List Item&#8221; id=&#8221;1623424993481-0-0&#8243; tab_id=&#8221;1623424384669-9&#8243; icon_fontawesome=&#8221;fa fa-chevron-circle-right&#8221; header=&#8221;1981&#8243; text=&#8221;Inicio del aprendizaje en la Pasteler\u00eda CHATEAU &#8211; GROISON en Montceau les Mines&#8221;][\/nectar_icon_list_item][\/nectar_icon_list]<div class=\"divider-wrap\"><div style=\"height: 30px;\" class=\"divider\"><\/div><\/div>[\/vc_column][\/vc_row]\n","protected":false},"excerpt":{"rendered":"<p>[vc_row type=&#8221;full_width_content&#8221; full_screen_row_position=&#8221;middle&#8221; bg_color=&#8221;#000000&#8243; scene_position=&#8221;center&#8221; text_color=&#8221;dark&#8221; text_align=&#8221;left&#8221; top_padding=&#8221;30&#8243; bottom_padding=&#8221;30&#8243; overlay_strength=&#8221;0.3&#8243; shape_divider_position=&#8221;bottom&#8221;][vc_column column_padding=&#8221;no-extra-padding&#8221; column_padding_position=&#8221;all&#8221; background_color=&#8221;#000000&#8243; background_color_opacity=&#8221;1&#8243; background_hover_color_opacity=&#8221;1&#8243; column_shadow=&#8221;none&#8221; column_border_radius=&#8221;none&#8221; width=&#8221;1\/1&#8243; tablet_text_alignment=&#8221;default&#8221; phone_text_alignment=&#8221;default&#8221; column_border_width=&#8221;none&#8221; column_border_style=&#8221;solid&#8221;][vc_column_text] Mi Curso [\/vc_column_text][\/vc_column][\/vc_row][vc_row type=&#8221;full_width_background&#8221; full_screen_row_position=&#8221;middle&#8221; equal_height=&#8221;yes&#8221; content_placement=&#8221;top&#8221;&#8230;<\/p>\n","protected":false},"author":6,"featured_media":0,"parent":0,"menu_order":97,"comment_status":"closed","ping_status":"closed","template":"","meta":{"footnotes":""},"class_list":["post-24431","page","type-page","status-publish"],"aioseo_notices":[],"yoast_head":"<!-- This site is optimized with the Yoast SEO plugin v25.1 - https:\/\/yoast.com\/wordpress\/plugins\/seo\/ -->\n<title>El curso de Olivier Bajard - Pastelero, chocolatero y heladero<\/title>\n<meta name=\"description\" content=\"&quot;Pasteler\u00eda Chocolater\u00eda Helader\u00eda se expresa como un arte refinado, sensual y delicado&quot;. Olivier Bajard, jefe de pasteler\u00eda. Descubra\" \/>\n<meta name=\"robots\" content=\"index, follow, max-snippet:-1, max-image-preview:large, max-video-preview:-1\" \/>\n<link rel=\"canonical\" href=\"https:\/\/olivier-bajard.com\/es\/curso\/\" \/>\n<meta property=\"og:locale\" content=\"es_ES\" \/>\n<meta property=\"og:type\" content=\"article\" \/>\n<meta property=\"og:title\" content=\"El curso de Olivier Bajard - Pastelero, chocolatero y heladero\" \/>\n<meta property=\"og:description\" content=\"&quot;Pasteler\u00eda Chocolater\u00eda Helader\u00eda se expresa como un arte refinado, sensual y delicado&quot;. Olivier Bajard, jefe de pasteler\u00eda. Descubra\" \/>\n<meta property=\"og:url\" content=\"https:\/\/olivier-bajard.com\/es\/curso\/\" \/>\n<meta property=\"og:site_name\" content=\"Olivier Bajard\" \/>\n<meta property=\"article:modified_time\" content=\"2022-03-23T08:30:34+00:00\" \/>\n<meta name=\"twitter:label1\" content=\"Tiempo de lectura\" \/>\n\t<meta name=\"twitter:data1\" content=\"4 minutos\" \/>\n<script type=\"application\/ld+json\" class=\"yoast-schema-graph\">{\"@context\":\"https:\/\/schema.org\",\"@graph\":[{\"@type\":\"WebPage\",\"@id\":\"https:\/\/olivier-bajard.com\/es\/curso\/\",\"url\":\"https:\/\/olivier-bajard.com\/es\/curso\/\",\"name\":\"El curso de Olivier Bajard - Pastelero, chocolatero y heladero\",\"isPartOf\":{\"@id\":\"https:\/\/olivier-bajard.com\/#website\"},\"datePublished\":\"2022-03-23T08:27:55+00:00\",\"dateModified\":\"2022-03-23T08:30:34+00:00\",\"description\":\"\\\"Pasteler\u00eda Chocolater\u00eda Helader\u00eda se expresa como un arte refinado, sensual y delicado\\\". Olivier Bajard, jefe de pasteler\u00eda. Descubra\",\"breadcrumb\":{\"@id\":\"https:\/\/olivier-bajard.com\/es\/curso\/#breadcrumb\"},\"inLanguage\":\"es\",\"potentialAction\":[{\"@type\":\"ReadAction\",\"target\":[\"https:\/\/olivier-bajard.com\/es\/curso\/\"]}]},{\"@type\":\"BreadcrumbList\",\"@id\":\"https:\/\/olivier-bajard.com\/es\/curso\/#breadcrumb\",\"itemListElement\":[{\"@type\":\"ListItem\",\"position\":1,\"name\":\"Accueil\",\"item\":\"https:\/\/olivier-bajard.com\/es\/\"},{\"@type\":\"ListItem\",\"position\":2,\"name\":\"Mi Curso\"}]},{\"@type\":\"WebSite\",\"@id\":\"https:\/\/olivier-bajard.com\/#website\",\"url\":\"https:\/\/olivier-bajard.com\/\",\"name\":\"Olivier Bajard\",\"description\":\"Meilleur Ouvrier de France de P\u00e2tisserie\",\"publisher\":{\"@id\":\"https:\/\/olivier-bajard.com\/#organization\"},\"potentialAction\":[{\"@type\":\"SearchAction\",\"target\":{\"@type\":\"EntryPoint\",\"urlTemplate\":\"https:\/\/olivier-bajard.com\/?s={search_term_string}\"},\"query-input\":{\"@type\":\"PropertyValueSpecification\",\"valueRequired\":true,\"valueName\":\"search_term_string\"}}],\"inLanguage\":\"es\"},{\"@type\":\"Organization\",\"@id\":\"https:\/\/olivier-bajard.com\/#organization\",\"name\":\"pcbo sarl\",\"url\":\"https:\/\/olivier-bajard.com\/\",\"logo\":{\"@type\":\"ImageObject\",\"inLanguage\":\"es\",\"@id\":\"https:\/\/olivier-bajard.com\/#\/schema\/logo\/image\/\",\"url\":\"https:\/\/olivier-bajard.com\/wp-content\/uploads\/CarreNB-original-1.5CM.jpg\",\"contentUrl\":\"https:\/\/olivier-bajard.com\/wp-content\/uploads\/CarreNB-original-1.5CM.jpg\",\"width\":177,\"height\":177,\"caption\":\"pcbo sarl\"},\"image\":{\"@id\":\"https:\/\/olivier-bajard.com\/#\/schema\/logo\/image\/\"}}]}<\/script>\n<!-- \/ Yoast SEO plugin. -->","yoast_head_json":{"title":"El curso de Olivier Bajard - Pastelero, chocolatero y heladero","description":"\"Pasteler\u00eda Chocolater\u00eda Helader\u00eda se expresa como un arte refinado, sensual y delicado\". Olivier Bajard, jefe de pasteler\u00eda. Descubra","robots":{"index":"index","follow":"follow","max-snippet":"max-snippet:-1","max-image-preview":"max-image-preview:large","max-video-preview":"max-video-preview:-1"},"canonical":"https:\/\/olivier-bajard.com\/es\/curso\/","og_locale":"es_ES","og_type":"article","og_title":"El curso de Olivier Bajard - Pastelero, chocolatero y heladero","og_description":"\"Pasteler\u00eda Chocolater\u00eda Helader\u00eda se expresa como un arte refinado, sensual y delicado\". Olivier Bajard, jefe de pasteler\u00eda. Descubra","og_url":"https:\/\/olivier-bajard.com\/es\/curso\/","og_site_name":"Olivier Bajard","article_modified_time":"2022-03-23T08:30:34+00:00","twitter_misc":{"Tiempo de lectura":"4 minutos"},"schema":{"@context":"https:\/\/schema.org","@graph":[{"@type":"WebPage","@id":"https:\/\/olivier-bajard.com\/es\/curso\/","url":"https:\/\/olivier-bajard.com\/es\/curso\/","name":"El curso de Olivier Bajard - Pastelero, chocolatero y heladero","isPartOf":{"@id":"https:\/\/olivier-bajard.com\/#website"},"datePublished":"2022-03-23T08:27:55+00:00","dateModified":"2022-03-23T08:30:34+00:00","description":"\"Pasteler\u00eda Chocolater\u00eda Helader\u00eda se expresa como un arte refinado, sensual y delicado\". Olivier Bajard, jefe de pasteler\u00eda. Descubra","breadcrumb":{"@id":"https:\/\/olivier-bajard.com\/es\/curso\/#breadcrumb"},"inLanguage":"es","potentialAction":[{"@type":"ReadAction","target":["https:\/\/olivier-bajard.com\/es\/curso\/"]}]},{"@type":"BreadcrumbList","@id":"https:\/\/olivier-bajard.com\/es\/curso\/#breadcrumb","itemListElement":[{"@type":"ListItem","position":1,"name":"Accueil","item":"https:\/\/olivier-bajard.com\/es\/"},{"@type":"ListItem","position":2,"name":"Mi Curso"}]},{"@type":"WebSite","@id":"https:\/\/olivier-bajard.com\/#website","url":"https:\/\/olivier-bajard.com\/","name":"Olivier Bajard","description":"Meilleur Ouvrier de France de P\u00e2tisserie","publisher":{"@id":"https:\/\/olivier-bajard.com\/#organization"},"potentialAction":[{"@type":"SearchAction","target":{"@type":"EntryPoint","urlTemplate":"https:\/\/olivier-bajard.com\/?s={search_term_string}"},"query-input":{"@type":"PropertyValueSpecification","valueRequired":true,"valueName":"search_term_string"}}],"inLanguage":"es"},{"@type":"Organization","@id":"https:\/\/olivier-bajard.com\/#organization","name":"pcbo sarl","url":"https:\/\/olivier-bajard.com\/","logo":{"@type":"ImageObject","inLanguage":"es","@id":"https:\/\/olivier-bajard.com\/#\/schema\/logo\/image\/","url":"https:\/\/olivier-bajard.com\/wp-content\/uploads\/CarreNB-original-1.5CM.jpg","contentUrl":"https:\/\/olivier-bajard.com\/wp-content\/uploads\/CarreNB-original-1.5CM.jpg","width":177,"height":177,"caption":"pcbo sarl"},"image":{"@id":"https:\/\/olivier-bajard.com\/#\/schema\/logo\/image\/"}}]}},"_links":{"self":[{"href":"https:\/\/olivier-bajard.com\/es\/wp-json\/wp\/v2\/pages\/24431","targetHints":{"allow":["GET"]}}],"collection":[{"href":"https:\/\/olivier-bajard.com\/es\/wp-json\/wp\/v2\/pages"}],"about":[{"href":"https:\/\/olivier-bajard.com\/es\/wp-json\/wp\/v2\/types\/page"}],"author":[{"embeddable":true,"href":"https:\/\/olivier-bajard.com\/es\/wp-json\/wp\/v2\/users\/6"}],"replies":[{"embeddable":true,"href":"https:\/\/olivier-bajard.com\/es\/wp-json\/wp\/v2\/comments?post=24431"}],"version-history":[{"count":0,"href":"https:\/\/olivier-bajard.com\/es\/wp-json\/wp\/v2\/pages\/24431\/revisions"}],"wp:attachment":[{"href":"https:\/\/olivier-bajard.com\/es\/wp-json\/wp\/v2\/media?parent=24431"}],"curies":[{"name":"wp","href":"https:\/\/api.w.org\/{rel}","templated":true}]}}