{"id":25349,"date":"2022-05-11T09:58:36","date_gmt":"2022-05-11T08:58:36","guid":{"rendered":"https:\/\/olivier-bajard.com\/?page_id=25349"},"modified":"2022-05-11T09:58:36","modified_gmt":"2022-05-11T08:58:36","slug":"estancia","status":"publish","type":"page","link":"https:\/\/olivier-bajard.com\/es\/estancia\/","title":{"rendered":"La estancia"},"content":{"rendered":"[full_width_section type=&#8221;full_width_content&#8221; vertically_center_columns=&#8221;true&#8221; image_url=&#8221;1339&#8243; bg_pos=&#8221;Center Center&#8221; background_color=&#8221;#000000&#8243; text_color=&#8221;light&#8221; top_padding=&#8221;0&#8243; bottom_padding=&#8221;0&#8243;][vc_column centered_text=&#8221;true&#8221; column_padding=&#8221;padding-3-percent&#8221; column_padding_position=&#8221;top&#8221; background_color=&#8221;#000000&#8243; background_color_opacity=&#8221;1&#8243; background_hover_color_opacity=&#8221;1&#8243; font_color=&#8221;#ffffff&#8221; column_shadow=&#8221;none&#8221; column_border_radius=&#8221;none&#8221; width=&#8221;1\/1&#8243; tablet_text_alignment=&#8221;default&#8221; phone_text_alignment=&#8221;default&#8221; column_border_width=&#8221;none&#8221; column_border_style=&#8221;solid&#8221;][vc_column_text][\/vc_column_text][\/vc_column][\/full_width_section][vc_row type=&#8221;full_width_content&#8221; full_screen_row_position=&#8221;middle&#8221; bg_color=&#8221;#000000&#8243; scene_position=&#8221;center&#8221; text_color=&#8221;light&#8221; text_align=&#8221;left&#8221; overlay_strength=&#8221;0.3&#8243; shape_divider_position=&#8221;bottom&#8221; shape_type=&#8221;&#8221;][vc_column column_padding=&#8221;no-extra-padding&#8221; column_padding_position=&#8221;all&#8221; background_color_opacity=&#8221;1&#8243; background_hover_color_opacity=&#8221;1&#8243; column_shadow=&#8221;none&#8221; column_border_radius=&#8221;none&#8221; width=&#8221;1\/1&#8243; tablet_text_alignment=&#8221;default&#8221; phone_text_alignment=&#8221;default&#8221; column_border_width=&#8221;none&#8221; column_border_style=&#8221;solid&#8221;]\n    <div class=\"col span_12 section-title text-align-center extra-padding\">\n\t\t<h2>\n<h1 style=\"text-align: center;\">Informaci\u00f3n pr\u00e1ctica<\/h1>\n<\/h2><\/div><div class=\"clear\"><\/div>[\/vc_column][\/vc_row][vc_row type=&#8221;full_width_content&#8221; full_screen_row_position=&#8221;middle&#8221; equal_height=&#8221;yes&#8221; content_placement=&#8221;middle&#8221; vertically_center_columns=&#8221;true&#8221; bg_color=&#8221;#ffffff&#8221; scene_position=&#8221;center&#8221; text_color=&#8221;dark&#8221; text_align=&#8221;left&#8221; overlay_strength=&#8221;0.3&#8243; shape_divider_position=&#8221;bottom&#8221; shape_type=&#8221;&#8221;][vc_column centered_text=&#8221;true&#8221; column_padding=&#8221;padding-2-percent&#8221; column_padding_position=&#8221;all&#8221; background_color=&#8221;#000000&#8243; background_color_opacity=&#8221;0.2&#8243; background_hover_color_opacity=&#8221;1&#8243; background_image=&#8221;19336&#8243; font_color=&#8221;#ffffff&#8221; column_shadow=&#8221;none&#8221; column_border_radius=&#8221;none&#8221; width=&#8221;1\/2&#8243; tablet_text_alignment=&#8221;default&#8221; phone_text_alignment=&#8221;default&#8221; column_border_width=&#8221;none&#8221; column_border_color=&#8221;#ffffff&#8221; column_border_style=&#8221;solid&#8221;][\/vc_column][vc_column column_padding=&#8221;padding-6-percent&#8221; column_padding_position=&#8221;all&#8221; background_color=&#8221;#ffffff&#8221; background_color_opacity=&#8221;1&#8243; background_hover_color_opacity=&#8221;1&#8243; font_color=&#8221;#000000&#8243; column_shadow=&#8221;none&#8221; column_border_radius=&#8221;none&#8221; top_margin=&#8221;5%&#8221; bottom_margin=&#8221;5%&#8221; width=&#8221;1\/2&#8243; tablet_text_alignment=&#8221;default&#8221; phone_text_alignment=&#8221;default&#8221; column_border_width=&#8221;none&#8221; column_border_style=&#8221;solid&#8221;][vc_column_text]\n<h2 style=\"text-align: center;\"><span style=\"font-size: 150%;\"><span style=\"vertical-align: inherit;\">Vivienda<\/span><\/span><\/h2>\n<p>Para facilitar su estancia, la Escuela Internacional de Pasteler\u00eda puede <strong>proporcionarle una lista de direcciones \u00fatiles<\/strong> para encontrar una habitaci\u00f3n de alquiler, un estudio o un piso.[\/vc_column_text][nectar_btn size=&#8221;small&#8221; button_style=&#8221;see-through-2&#8243; hover_text_color_override=&#8221;#ffffff&#8221; icon_family=&#8221;default_arrow&#8221; url=&#8221;https:\/\/olivier-bajard.com\/es\/vivienda\/&#8221; text=&#8221;Alojamiento&#8221; margin_top=&#8221;25&#8243;][\/vc_column][\/vc_row][vc_row type=&#8221;full_width_content&#8221; full_screen_row_position=&#8221;middle&#8221; equal_height=&#8221;yes&#8221; content_placement=&#8221;middle&#8221; vertically_center_columns=&#8221;true&#8221; bg_color=&#8221;#000000&#8243; scene_position=&#8221;center&#8221; text_color=&#8221;dark&#8221; text_align=&#8221;left&#8221; top_padding=&#8221;0&#8243; bottom_padding=&#8221;0&#8243; overlay_strength=&#8221;0.3&#8243; shape_divider_position=&#8221;bottom&#8221; shape_type=&#8221;&#8221;][vc_column column_padding=&#8221;padding-6-percent&#8221; column_padding_position=&#8221;all&#8221; background_color=&#8221;#ffffff&#8221; background_color_opacity=&#8221;1&#8243; background_hover_color_opacity=&#8221;1&#8243; font_color=&#8221;#000000&#8243; column_shadow=&#8221;none&#8221; column_border_radius=&#8221;none&#8221; width=&#8221;1\/2&#8243; tablet_text_alignment=&#8221;default&#8221; phone_text_alignment=&#8221;default&#8221; column_border_width=&#8221;none&#8221; column_border_style=&#8221;solid&#8221;][vc_column_text]\n<h2 style=\"text-align: center;\"><span style=\"font-size: 150%;\"><span style=\"vertical-align: inherit;\">\u00a0<span class=\"fontstyle0\">Permiso de residencia &#8211; Visado<\/span><\/span><\/span><\/h2>\n<p><span class=\"fontstyle0\">Si es usted extranjero, <strong>no necesita visado<\/strong> para una <strong>estancia inferior a 3 meses<\/strong>. Lo \u00fanico que necesita es un pasaporte con una validez m\u00ednima de seis meses.<\/span><\/p>\n<p><span class=\"fontstyle0\">Si va a <strong>permanecer m\u00e1s de seis meses o va a trabajar m\u00e1s de tres meses<\/strong>, tendr\u00e1 que registrarse ante las autoridades de su pa\u00eds.<\/span><\/p>\n<p><span class=\"fontstyle0\">Para una formaci\u00f3n de larga duraci\u00f3n, le aconsejamos que obtenga un visado de \u00abvisitante de larga duraci\u00f3n\u00bb en la Embajada\/Consulado de Francia en su pa\u00eds.<\/span><\/p>\n<p><span class=\"fontstyle0\">En cuanto recibamos su inscripci\u00f3n en la Escuela, le entregaremos una confirmaci\u00f3n de inscripci\u00f3n y un certificado que le permitir\u00e1 obtener el visado.<\/span>[\/vc_column_text][nectar_btn size=&#8221;small&#8221; button_style=&#8221;see-through-2&#8243; hover_text_color_override=&#8221;#ffffff&#8221; icon_family=&#8221;default_arrow&#8221; url=&#8221;https:\/\/olivier-bajard.com\/es\/contacto\/&#8221; text=&#8221;Contacto con nosotros&#8221; margin_top=&#8221;25&#8243;][\/vc_column][vc_column centered_text=&#8221;true&#8221; column_padding=&#8221;padding-4-percent&#8221; column_padding_position=&#8221;all&#8221; background_color=&#8221;#000000&#8243; background_color_opacity=&#8221;0.2&#8243; background_hover_color_opacity=&#8221;1&#8243; background_image=&#8221;12308&#8243; column_shadow=&#8221;none&#8221; column_border_radius=&#8221;none&#8221; width=&#8221;1\/2&#8243; tablet_text_alignment=&#8221;default&#8221; phone_text_alignment=&#8221;default&#8221; column_border_width=&#8221;none&#8221; column_border_style=&#8221;solid&#8221; offset=&#8221;vc_hidden-xs&#8221;][\/vc_column][\/vc_row][vc_row type=&#8221;full_width_background&#8221; full_screen_row_position=&#8221;middle&#8221; bg_color=&#8221;#000000&#8243; scene_position=&#8221;center&#8221; text_color=&#8221;light&#8221; text_align=&#8221;center&#8221; overlay_strength=&#8221;0.3&#8243; shape_divider_position=&#8221;bottom&#8221; shape_type=&#8221;&#8221;][vc_column column_padding=&#8221;no-extra-padding&#8221; column_padding_position=&#8221;all&#8221; background_color_opacity=&#8221;1&#8243; background_hover_color_opacity=&#8221;1&#8243; font_color=&#8221;#ffffff&#8221; column_shadow=&#8221;none&#8221; column_border_radius=&#8221;none&#8221; width=&#8221;1\/1&#8243; tablet_text_alignment=&#8221;default&#8221; phone_text_alignment=&#8221;default&#8221; column_border_width=&#8221;none&#8221; column_border_style=&#8221;solid&#8221;]<div class=\"divider-wrap\"><div style=\"height: 50px;\" class=\"divider\"><\/div><\/div>[\/vc_column][\/vc_row][full_width_section type=&#8221;full_width_content&#8221; vertically_center_columns=&#8221;true&#8221; image_url=&#8221;1339&#8243; bg_pos=&#8221;Center Center&#8221; background_color=&#8221;#000000&#8243; text_color=&#8221;light&#8221; top_padding=&#8221;0&#8243; bottom_padding=&#8221;0&#8243;][vc_column centered_text=&#8221;true&#8221; column_padding=&#8221;padding-7-percent&#8221; column_padding_position=&#8221;bottom&#8221; background_color=&#8221;#000000&#8243; background_color_opacity=&#8221;1&#8243; background_hover_color_opacity=&#8221;1&#8243; column_shadow=&#8221;none&#8221; column_border_radius=&#8221;none&#8221; width=&#8221;1\/4&#8243; tablet_text_alignment=&#8221;default&#8221; phone_text_alignment=&#8221;default&#8221; column_border_width=&#8221;none&#8221; column_border_style=&#8221;solid&#8221;][vc_column_text]<a class=\"nectar-button large accent-color has-icon regular-button\"  href=\"https:\/\/olivier-bajard.com\/es\/formacion-profesional\/\" data-color-override=\"false\" data-hover-color-override=\"false\" data-hover-text-color-override=\"#FFF6EE\"><span>Formaci\u00f3n Profesional<\/span><i class=\"icon-button-arrow\"><\/i><\/a>[\/vc_column_text][\/vc_column][vc_column centered_text=&#8221;true&#8221; column_padding=&#8221;padding-7-percent&#8221; column_padding_position=&#8221;bottom&#8221; background_color=&#8221;#000000&#8243; background_color_opacity=&#8221;1&#8243; background_hover_color_opacity=&#8221;1&#8243; column_shadow=&#8221;none&#8221; column_border_radius=&#8221;none&#8221; width=&#8221;1\/4&#8243; tablet_text_alignment=&#8221;default&#8221; phone_text_alignment=&#8221;default&#8221; column_border_width=&#8221;none&#8221; column_border_style=&#8221;solid&#8221;][vc_column_text]<a class=\"nectar-button large accent-color has-icon regular-button\"  href=\"https:\/\/olivier-bajard.com\/es\/formacion\/\" data-color-override=\"false\" data-hover-color-override=\"false\" data-hover-text-color-override=\"#FFF6EE\"><span>Programa formaci\u00f3n<\/span><i class=\"icon-button-arrow\"><\/i><\/a>[\/vc_column_text][\/vc_column][vc_column centered_text=&#8221;true&#8221; column_padding=&#8221;padding-7-percent&#8221; column_padding_position=&#8221;bottom&#8221; background_color=&#8221;#000000&#8243; background_color_opacity=&#8221;1&#8243; background_hover_color_opacity=&#8221;1&#8243; column_shadow=&#8221;none&#8221; column_border_radius=&#8221;none&#8221; width=&#8221;1\/4&#8243; tablet_text_alignment=&#8221;default&#8221; phone_text_alignment=&#8221;default&#8221; column_border_width=&#8221;none&#8221; column_border_style=&#8221;solid&#8221;][vc_column_text]<a class=\"nectar-button large accent-color has-icon regular-button\"  href=\"https:\/\/olivier-bajard.com\/wp-content\/uploads\/Catalogue-Formacion-Professional-2022-Web.pdf\" data-color-override=\"false\" data-hover-color-override=\"false\" data-hover-text-color-override=\"#FFF6EE\"><span>Descargar el cat\u00e1logo profesional !<\/span><i class=\"icon-button-arrow\"><\/i><\/a>[\/vc_column_text][\/vc_column][vc_column centered_text=&#8221;true&#8221; column_padding=&#8221;padding-7-percent&#8221; column_padding_position=&#8221;bottom&#8221; background_color=&#8221;#0a0a0a&#8221; background_color_opacity=&#8221;1&#8243; background_hover_color_opacity=&#8221;1&#8243; column_shadow=&#8221;none&#8221; column_border_radius=&#8221;none&#8221; width=&#8221;1\/4&#8243; tablet_text_alignment=&#8221;default&#8221; phone_text_alignment=&#8221;default&#8221; column_border_width=&#8221;none&#8221; column_border_style=&#8221;solid&#8221;][vc_column_text]<a class=\"nectar-button large accent-color has-icon regular-button\"  href=\"https:\/\/olivier-bajard.com\/es\/contacto\/\" data-color-override=\"false\" data-hover-color-override=\"false\" data-hover-text-color-override=\"#FFF6EE\"><span>\u00bfNecesita informaci\u00f3n?<\/span><i class=\"icon-button-arrow\"><\/i><\/a>[\/vc_column_text][\/vc_column][\/full_width_section]\n","protected":false},"excerpt":{"rendered":"<p>[full_width_section type=&#8221;full_width_content&#8221; vertically_center_columns=&#8221;true&#8221; image_url=&#8221;1339&#8243; bg_pos=&#8221;Center Center&#8221; background_color=&#8221;#000000&#8243; text_color=&#8221;light&#8221; top_padding=&#8221;0&#8243; bottom_padding=&#8221;0&#8243;][vc_column centered_text=&#8221;true&#8221; column_padding=&#8221;padding-3-percent&#8221; column_padding_position=&#8221;top&#8221; background_color=&#8221;#000000&#8243; background_color_opacity=&#8221;1&#8243; background_hover_color_opacity=&#8221;1&#8243; font_color=&#8221;#ffffff&#8221; column_shadow=&#8221;none&#8221; column_border_radius=&#8221;none&#8221; width=&#8221;1\/1&#8243; tablet_text_alignment=&#8221;default&#8221; phone_text_alignment=&#8221;default&#8221; column_border_width=&#8221;none&#8221; column_border_style=&#8221;solid&#8221;][vc_column_text][\/vc_column_text][\/vc_column][\/full_width_section][vc_row type=&#8221;full_width_content&#8221; full_screen_row_position=&#8221;middle&#8221; bg_color=&#8221;#000000&#8243; scene_position=&#8221;center&#8221; text_color=&#8221;light&#8221; text_align=&#8221;left&#8221;&#8230;<\/p>\n","protected":false},"author":6,"featured_media":0,"parent":0,"menu_order":163,"comment_status":"open","ping_status":"open","template":"","meta":{"footnotes":""},"class_list":["post-25349","page","type-page","status-publish"],"aioseo_notices":[],"yoast_head":"<!-- This site is optimized with the Yoast SEO plugin v25.1 - https:\/\/yoast.com\/wordpress\/plugins\/seo\/ -->\n<title>Formaci\u00f3n Profesional - La estancia<\/title>\n<meta name=\"description\" content=\"La Escuela de Pasteler\u00eda abre sus puertas a los futuros profesionales de la pasteler\u00eda. Organice su estancia con nosotros\" \/>\n<meta name=\"robots\" content=\"index, follow, max-snippet:-1, max-image-preview:large, max-video-preview:-1\" \/>\n<link rel=\"canonical\" href=\"https:\/\/olivier-bajard.com\/es\/estancia\/\" \/>\n<meta property=\"og:locale\" content=\"es_ES\" \/>\n<meta property=\"og:type\" content=\"article\" \/>\n<meta property=\"og:title\" content=\"Formaci\u00f3n Profesional - La estancia\" \/>\n<meta property=\"og:description\" content=\"La Escuela de Pasteler\u00eda abre sus puertas a los futuros profesionales de la pasteler\u00eda. Organice su estancia con nosotros\" \/>\n<meta property=\"og:url\" content=\"https:\/\/olivier-bajard.com\/es\/estancia\/\" \/>\n<meta property=\"og:site_name\" content=\"Olivier Bajard\" \/>\n<meta name=\"twitter:label1\" content=\"Tiempo de lectura\" \/>\n\t<meta name=\"twitter:data1\" content=\"3 minutos\" \/>\n<script type=\"application\/ld+json\" class=\"yoast-schema-graph\">{\"@context\":\"https:\/\/schema.org\",\"@graph\":[{\"@type\":\"WebPage\",\"@id\":\"https:\/\/olivier-bajard.com\/es\/estancia\/\",\"url\":\"https:\/\/olivier-bajard.com\/es\/estancia\/\",\"name\":\"Formaci\u00f3n Profesional - La estancia\",\"isPartOf\":{\"@id\":\"https:\/\/olivier-bajard.com\/#website\"},\"datePublished\":\"2022-05-11T08:58:36+00:00\",\"description\":\"La Escuela de Pasteler\u00eda abre sus puertas a los futuros profesionales de la pasteler\u00eda. Organice su estancia con nosotros\",\"breadcrumb\":{\"@id\":\"https:\/\/olivier-bajard.com\/es\/estancia\/#breadcrumb\"},\"inLanguage\":\"es\",\"potentialAction\":[{\"@type\":\"ReadAction\",\"target\":[\"https:\/\/olivier-bajard.com\/es\/estancia\/\"]}]},{\"@type\":\"BreadcrumbList\",\"@id\":\"https:\/\/olivier-bajard.com\/es\/estancia\/#breadcrumb\",\"itemListElement\":[{\"@type\":\"ListItem\",\"position\":1,\"name\":\"Accueil\",\"item\":\"https:\/\/olivier-bajard.com\/es\/\"},{\"@type\":\"ListItem\",\"position\":2,\"name\":\"La estancia\"}]},{\"@type\":\"WebSite\",\"@id\":\"https:\/\/olivier-bajard.com\/#website\",\"url\":\"https:\/\/olivier-bajard.com\/\",\"name\":\"Olivier Bajard\",\"description\":\"Meilleur Ouvrier de France de P\u00e2tisserie\",\"publisher\":{\"@id\":\"https:\/\/olivier-bajard.com\/#organization\"},\"potentialAction\":[{\"@type\":\"SearchAction\",\"target\":{\"@type\":\"EntryPoint\",\"urlTemplate\":\"https:\/\/olivier-bajard.com\/?s={search_term_string}\"},\"query-input\":{\"@type\":\"PropertyValueSpecification\",\"valueRequired\":true,\"valueName\":\"search_term_string\"}}],\"inLanguage\":\"es\"},{\"@type\":\"Organization\",\"@id\":\"https:\/\/olivier-bajard.com\/#organization\",\"name\":\"pcbo sarl\",\"url\":\"https:\/\/olivier-bajard.com\/\",\"logo\":{\"@type\":\"ImageObject\",\"inLanguage\":\"es\",\"@id\":\"https:\/\/olivier-bajard.com\/#\/schema\/logo\/image\/\",\"url\":\"https:\/\/olivier-bajard.com\/wp-content\/uploads\/CarreNB-original-1.5CM.jpg\",\"contentUrl\":\"https:\/\/olivier-bajard.com\/wp-content\/uploads\/CarreNB-original-1.5CM.jpg\",\"width\":177,\"height\":177,\"caption\":\"pcbo sarl\"},\"image\":{\"@id\":\"https:\/\/olivier-bajard.com\/#\/schema\/logo\/image\/\"}}]}<\/script>\n<!-- \/ Yoast SEO plugin. -->","yoast_head_json":{"title":"Formaci\u00f3n Profesional - La estancia","description":"La Escuela de Pasteler\u00eda abre sus puertas a los futuros profesionales de la pasteler\u00eda. Organice su estancia con nosotros","robots":{"index":"index","follow":"follow","max-snippet":"max-snippet:-1","max-image-preview":"max-image-preview:large","max-video-preview":"max-video-preview:-1"},"canonical":"https:\/\/olivier-bajard.com\/es\/estancia\/","og_locale":"es_ES","og_type":"article","og_title":"Formaci\u00f3n Profesional - La estancia","og_description":"La Escuela de Pasteler\u00eda abre sus puertas a los futuros profesionales de la pasteler\u00eda. Organice su estancia con nosotros","og_url":"https:\/\/olivier-bajard.com\/es\/estancia\/","og_site_name":"Olivier Bajard","twitter_misc":{"Tiempo de lectura":"3 minutos"},"schema":{"@context":"https:\/\/schema.org","@graph":[{"@type":"WebPage","@id":"https:\/\/olivier-bajard.com\/es\/estancia\/","url":"https:\/\/olivier-bajard.com\/es\/estancia\/","name":"Formaci\u00f3n Profesional - La estancia","isPartOf":{"@id":"https:\/\/olivier-bajard.com\/#website"},"datePublished":"2022-05-11T08:58:36+00:00","description":"La Escuela de Pasteler\u00eda abre sus puertas a los futuros profesionales de la pasteler\u00eda. Organice su estancia con nosotros","breadcrumb":{"@id":"https:\/\/olivier-bajard.com\/es\/estancia\/#breadcrumb"},"inLanguage":"es","potentialAction":[{"@type":"ReadAction","target":["https:\/\/olivier-bajard.com\/es\/estancia\/"]}]},{"@type":"BreadcrumbList","@id":"https:\/\/olivier-bajard.com\/es\/estancia\/#breadcrumb","itemListElement":[{"@type":"ListItem","position":1,"name":"Accueil","item":"https:\/\/olivier-bajard.com\/es\/"},{"@type":"ListItem","position":2,"name":"La estancia"}]},{"@type":"WebSite","@id":"https:\/\/olivier-bajard.com\/#website","url":"https:\/\/olivier-bajard.com\/","name":"Olivier Bajard","description":"Meilleur Ouvrier de France de P\u00e2tisserie","publisher":{"@id":"https:\/\/olivier-bajard.com\/#organization"},"potentialAction":[{"@type":"SearchAction","target":{"@type":"EntryPoint","urlTemplate":"https:\/\/olivier-bajard.com\/?s={search_term_string}"},"query-input":{"@type":"PropertyValueSpecification","valueRequired":true,"valueName":"search_term_string"}}],"inLanguage":"es"},{"@type":"Organization","@id":"https:\/\/olivier-bajard.com\/#organization","name":"pcbo sarl","url":"https:\/\/olivier-bajard.com\/","logo":{"@type":"ImageObject","inLanguage":"es","@id":"https:\/\/olivier-bajard.com\/#\/schema\/logo\/image\/","url":"https:\/\/olivier-bajard.com\/wp-content\/uploads\/CarreNB-original-1.5CM.jpg","contentUrl":"https:\/\/olivier-bajard.com\/wp-content\/uploads\/CarreNB-original-1.5CM.jpg","width":177,"height":177,"caption":"pcbo sarl"},"image":{"@id":"https:\/\/olivier-bajard.com\/#\/schema\/logo\/image\/"}}]}},"_links":{"self":[{"href":"https:\/\/olivier-bajard.com\/es\/wp-json\/wp\/v2\/pages\/25349","targetHints":{"allow":["GET"]}}],"collection":[{"href":"https:\/\/olivier-bajard.com\/es\/wp-json\/wp\/v2\/pages"}],"about":[{"href":"https:\/\/olivier-bajard.com\/es\/wp-json\/wp\/v2\/types\/page"}],"author":[{"embeddable":true,"href":"https:\/\/olivier-bajard.com\/es\/wp-json\/wp\/v2\/users\/6"}],"replies":[{"embeddable":true,"href":"https:\/\/olivier-bajard.com\/es\/wp-json\/wp\/v2\/comments?post=25349"}],"version-history":[{"count":0,"href":"https:\/\/olivier-bajard.com\/es\/wp-json\/wp\/v2\/pages\/25349\/revisions"}],"wp:attachment":[{"href":"https:\/\/olivier-bajard.com\/es\/wp-json\/wp\/v2\/media?parent=25349"}],"curies":[{"name":"wp","href":"https:\/\/api.w.org\/{rel}","templated":true}]}}